{"id":111,"date":"2017-02-28T16:53:35","date_gmt":"2017-02-28T15:53:35","guid":{"rendered":"http:\/\/sehnsuchtsmuseum.de\/schau\/?page_id=111"},"modified":"2021-02-06T13:30:52","modified_gmt":"2021-02-06T12:30:52","slug":"gaestebuch","status":"publish","type":"page","link":"http:\/\/sehnsuchtsmuseum.de\/schau\/termine\/gaestebuch\/","title":{"rendered":"Besucherstimmen"},"content":{"rendered":"\n<blockquote class=\"wp-block-quote is-layout-flow wp-block-quote-is-layout-flow\"><p>\u201eDie Aussagen der Bilder sind &#8217;schwebend&#8216;, dr\u00fccken dem Besucher keine Meinung auf, wollen nicht belehren. Sie regen das Erinnern an.&#8220;<\/p><\/blockquote>\n\n\n\n<hr class=\"wp-block-separator\"\/>\n\n\n\n<blockquote class=\"wp-block-quote is-layout-flow wp-block-quote-is-layout-flow\"><p>\u201eIn Inka Perls Sehnsuchtsmuseum f\u00fchlte ich mich von Exponaten, die mit Licht und Raum, aber auch mit Erwartungen und Assoziationen spielten, entf\u00fchrt in eine m\u00e4rchenhafte Welt voller kleiner Sch\u00e4tze, wertvoller Habseligkeiten, Erinnerungen, Tr\u00e4ume und Fantasien.&#8220;<\/p><\/blockquote>\n\n\n\n<hr class=\"wp-block-separator\"\/>\n\n\n\n<blockquote class=\"wp-block-quote is-layout-flow wp-block-quote-is-layout-flow\"><p>\u201eWas mich sehns\u00fcchtig stimmt, ist der Schmelz, der die Objekte umgibt, der sie aus der Zeit r\u00fcckt und indifferent werden l\u00e4sst. Sie sind nicht ganz von dieser Welt und l\u00f6sen so eine nicht zielgerichtete Sehnsucht nach \u201awoanders\u2018 oder vielmehr \u201aanders\u2018 aus, die die Gedanken und Gef\u00fchle schweifen l\u00e4sst.&#8220;<\/p><\/blockquote>\n\n\n\n<hr class=\"wp-block-separator\"\/>\n\n\n\n<figure class=\"wp-block-image size-large\"><img loading=\"lazy\" decoding=\"async\" width=\"1024\" height=\"614\" src=\"http:\/\/sehnsuchtsmuseum.de\/schau\/wp-content\/uploads\/2017\/02\/Gaestebuch1-1024x614.jpg\" alt=\"G\u00e4stebucheintrag\" class=\"wp-image-115\" srcset=\"http:\/\/sehnsuchtsmuseum.de\/schau\/wp-content\/uploads\/2017\/02\/Gaestebuch1-1024x614.jpg 1024w, http:\/\/sehnsuchtsmuseum.de\/schau\/wp-content\/uploads\/2017\/02\/Gaestebuch1-300x180.jpg 300w, http:\/\/sehnsuchtsmuseum.de\/schau\/wp-content\/uploads\/2017\/02\/Gaestebuch1-768x461.jpg 768w, http:\/\/sehnsuchtsmuseum.de\/schau\/wp-content\/uploads\/2017\/02\/Gaestebuch1.jpg 2000w\" sizes=\"auto, (max-width: 1024px) 100vw, 1024px\" \/><figcaption>G\u00e4stebucheintrag<\/figcaption><\/figure>\n","protected":false},"excerpt":{"rendered":"<p>\u201eDie Aussagen der Bilder sind &#8217;schwebend&#8216;, dr\u00fccken dem Besucher keine Meinung auf, wollen nicht belehren. Sie regen das Erinnern an.&#8220; \u201eIn Inka Perls Sehnsuchtsmuseum f\u00fchlte ich mich von Exponaten, die mit Licht und Raum, aber auch mit Erwartungen und Assoziationen spielten, entf\u00fchrt in eine m\u00e4rchenhafte &hellip; <a href=\"http:\/\/sehnsuchtsmuseum.de\/schau\/termine\/gaestebuch\/\" class=\"more-link\"><span>Continue reading<span class=\"screen-reader-text\">Besucherstimmen<\/span><\/span><\/a><\/p>\n","protected":false},"author":1,"featured_media":0,"parent":553,"menu_order":0,"comment_status":"closed","ping_status":"closed","template":"","meta":{"_crdt_document":"","ngg_post_thumbnail":0,"footnotes":""},"class_list":["post-111","page","type-page","status-publish","hentry"],"_links":{"self":[{"href":"http:\/\/sehnsuchtsmuseum.de\/schau\/wp-json\/wp\/v2\/pages\/111","targetHints":{"allow":["GET"]}}],"collection":[{"href":"http:\/\/sehnsuchtsmuseum.de\/schau\/wp-json\/wp\/v2\/pages"}],"about":[{"href":"http:\/\/sehnsuchtsmuseum.de\/schau\/wp-json\/wp\/v2\/types\/page"}],"author":[{"embeddable":true,"href":"http:\/\/sehnsuchtsmuseum.de\/schau\/wp-json\/wp\/v2\/users\/1"}],"replies":[{"embeddable":true,"href":"http:\/\/sehnsuchtsmuseum.de\/schau\/wp-json\/wp\/v2\/comments?post=111"}],"version-history":[{"count":11,"href":"http:\/\/sehnsuchtsmuseum.de\/schau\/wp-json\/wp\/v2\/pages\/111\/revisions"}],"predecessor-version":[{"id":1372,"href":"http:\/\/sehnsuchtsmuseum.de\/schau\/wp-json\/wp\/v2\/pages\/111\/revisions\/1372"}],"up":[{"embeddable":true,"href":"http:\/\/sehnsuchtsmuseum.de\/schau\/wp-json\/wp\/v2\/pages\/553"}],"wp:attachment":[{"href":"http:\/\/sehnsuchtsmuseum.de\/schau\/wp-json\/wp\/v2\/media?parent=111"}],"curies":[{"name":"wp","href":"https:\/\/api.w.org\/{rel}","templated":true}]}}