{"id":138,"date":"2017-05-19T20:05:07","date_gmt":"2017-05-19T18:05:07","guid":{"rendered":"http:\/\/sehnsuchtsmuseum.de\/schau\/?page_id=138"},"modified":"2026-01-31T13:40:02","modified_gmt":"2026-01-31T12:40:02","slug":"rueckblick","status":"publish","type":"page","link":"http:\/\/sehnsuchtsmuseum.de\/schau\/termine\/rueckblick\/","title":{"rendered":"R\u00fcckblick"},"content":{"rendered":"\n<div class=\"wp-block-media-text alignwide is-stacked-on-mobile is-vertically-aligned-top\" style=\"grid-template-columns:48% auto\"><figure class=\"wp-block-media-text__media\"><img loading=\"lazy\" decoding=\"async\" width=\"431\" height=\"309\" src=\"http:\/\/sehnsuchtsmuseum.de\/schau\/wp-content\/uploads\/2024\/08\/240421_PK_Seltsamer-Ort_web.jpg\" alt=\"\" class=\"wp-image-1705 size-full\" srcset=\"http:\/\/sehnsuchtsmuseum.de\/schau\/wp-content\/uploads\/2024\/08\/240421_PK_Seltsamer-Ort_web.jpg 431w, http:\/\/sehnsuchtsmuseum.de\/schau\/wp-content\/uploads\/2024\/08\/240421_PK_Seltsamer-Ort_web-300x215.jpg 300w\" sizes=\"auto, (max-width: 431px) 100vw, 431px\" \/><\/figure><div class=\"wp-block-media-text__content\">\n<p class=\"wp-block-paragraph\"><strong>Seltsamer Ort<\/strong><br>Werke von Heidi Baudrich &amp; Inka Perl<br>von 2023 bis 2025 in der<br>Alten Baumwollspinnerei<br>Halle 20, 1. OG, Leipzig-West<br><\/p>\n<\/div><\/div>\n\n\n\n<div style=\"height:9px\" aria-hidden=\"true\" class=\"wp-block-spacer\"><\/div>\n\n\n\n<hr class=\"wp-block-separator has-css-opacity\"\/>\n\n\n\n<div class=\"wp-block-media-text alignwide is-stacked-on-mobile is-vertically-aligned-top\" style=\"grid-template-columns:48% auto\"><figure class=\"wp-block-media-text__media\"><img loading=\"lazy\" decoding=\"async\" width=\"1024\" height=\"614\" src=\"http:\/\/sehnsuchtsmuseum.de\/schau\/wp-content\/uploads\/2017\/05\/bbkl-1-1024x614.jpg\" alt=\"\" class=\"wp-image-143 size-full\" srcset=\"http:\/\/sehnsuchtsmuseum.de\/schau\/wp-content\/uploads\/2017\/05\/bbkl-1-1024x614.jpg 1024w, http:\/\/sehnsuchtsmuseum.de\/schau\/wp-content\/uploads\/2017\/05\/bbkl-1-300x180.jpg 300w, http:\/\/sehnsuchtsmuseum.de\/schau\/wp-content\/uploads\/2017\/05\/bbkl-1-768x461.jpg 768w, http:\/\/sehnsuchtsmuseum.de\/schau\/wp-content\/uploads\/2017\/05\/bbkl-1.jpg 2000w\" sizes=\"auto, (max-width: 1024px) 100vw, 1024px\" \/><\/figure><div class=\"wp-block-media-text__content\">\n<p class=\"wp-block-paragraph\"><strong>XXI. Offene Ateliers Leipzig<\/strong><br>am 24. September 2023<br><br>Pr\u00e4sentation des Sehnsuchtsmuseums<br>von Inka Perl<br>am Ort der Entstehung <br>in Leipzig-Connewitz<br><br>\u2028<br><\/p>\n<\/div><\/div>\n\n\n\n<div style=\"height:9px\" aria-hidden=\"true\" class=\"wp-block-spacer\"><\/div>\n\n\n\n<hr class=\"wp-block-separator has-css-opacity\"\/>\n\n\n\n<div class=\"wp-block-media-text alignwide is-stacked-on-mobile is-vertically-aligned-top\" style=\"grid-template-columns:48% auto\"><figure class=\"wp-block-media-text__media\"><img loading=\"lazy\" decoding=\"async\" width=\"1024\" height=\"638\" src=\"http:\/\/sehnsuchtsmuseum.de\/schau\/wp-content\/uploads\/2023\/08\/Seltsamer-Ort_web-e1692297343672-1024x638.jpg\" alt=\"\" class=\"wp-image-1663 size-full\" srcset=\"http:\/\/sehnsuchtsmuseum.de\/schau\/wp-content\/uploads\/2023\/08\/Seltsamer-Ort_web-e1692297343672-1024x638.jpg 1024w, http:\/\/sehnsuchtsmuseum.de\/schau\/wp-content\/uploads\/2023\/08\/Seltsamer-Ort_web-e1692297343672-300x187.jpg 300w, http:\/\/sehnsuchtsmuseum.de\/schau\/wp-content\/uploads\/2023\/08\/Seltsamer-Ort_web-e1692297343672-768x479.jpg 768w, http:\/\/sehnsuchtsmuseum.de\/schau\/wp-content\/uploads\/2023\/08\/Seltsamer-Ort_web-e1692297343672-1536x957.jpg 1536w, http:\/\/sehnsuchtsmuseum.de\/schau\/wp-content\/uploads\/2023\/08\/Seltsamer-Ort_web-e1692297343672.jpg 1733w\" sizes=\"auto, (max-width: 1024px) 100vw, 1024px\" \/><\/figure><div class=\"wp-block-media-text__content\">\n<p class=\"wp-block-paragraph\"><strong>Seltsamer Ort: Perlenbildung<\/strong><br>Heidi Baudrich &amp; Inka Perl<br><br>Alte Baumwollspinnerei<br>Halle 20, 1. OG, Leipzig<br><br>Herbstrundgang<br>2.\/3. September 2023<br><br><em><a href=\"https:\/\/geheimtipp-leipzig.de\/seid-ihr-bereit-fuer-einen-seltsamen-ort\/\" data-type=\"link\" data-id=\"https:\/\/geheimtipp-leipzig.de\/seid-ihr-bereit-fuer-einen-seltsamen-ort\/\" target=\"_blank\" rel=\"noreferrer noopener\">geheimtipp-leipzig.de<\/a><\/em><\/p>\n<\/div><\/div>\n\n\n\n<div style=\"height:9px\" aria-hidden=\"true\" class=\"wp-block-spacer\"><\/div>\n\n\n\n<hr class=\"wp-block-separator has-css-opacity\"\/>\n\n\n\n<div class=\"wp-block-media-text alignwide is-stacked-on-mobile is-vertically-aligned-top\" style=\"grid-template-columns:48% auto\"><figure class=\"wp-block-media-text__media\"><img loading=\"lazy\" decoding=\"async\" width=\"1024\" height=\"860\" src=\"http:\/\/sehnsuchtsmuseum.de\/schau\/wp-content\/uploads\/2023\/07\/P1070907_quadrResized-e1689759497895-1024x860.jpg\" alt=\"\" class=\"wp-image-1633 size-full\" srcset=\"http:\/\/sehnsuchtsmuseum.de\/schau\/wp-content\/uploads\/2023\/07\/P1070907_quadrResized-e1689759497895-1024x860.jpg 1024w, http:\/\/sehnsuchtsmuseum.de\/schau\/wp-content\/uploads\/2023\/07\/P1070907_quadrResized-e1689759497895-300x252.jpg 300w, http:\/\/sehnsuchtsmuseum.de\/schau\/wp-content\/uploads\/2023\/07\/P1070907_quadrResized-e1689759497895-768x645.jpg 768w, http:\/\/sehnsuchtsmuseum.de\/schau\/wp-content\/uploads\/2023\/07\/P1070907_quadrResized-e1689759497895.jpg 1080w\" sizes=\"auto, (max-width: 1024px) 100vw, 1024px\" \/><\/figure><div class=\"wp-block-media-text__content\">\n<p class=\"wp-block-paragraph\"><strong>6aus49<\/strong><br>Einzelausstellung von Inka Perl<br><br>Kulturny Dom Lipsk \/ Salon Similde<br>Leipzig<br><br>11. bis 19. Mai 2023<br><br><\/p>\n<\/div><\/div>\n\n\n\n<div style=\"height:9px\" aria-hidden=\"true\" class=\"wp-block-spacer\"><\/div>\n\n\n\n<hr class=\"wp-block-separator has-css-opacity\"\/>\n\n\n\n<div class=\"wp-block-media-text alignwide is-stacked-on-mobile is-vertically-aligned-top\" style=\"grid-template-columns:48% auto\"><figure class=\"wp-block-media-text__media\"><img loading=\"lazy\" decoding=\"async\" width=\"1024\" height=\"512\" src=\"http:\/\/sehnsuchtsmuseum.de\/schau\/wp-content\/uploads\/2022\/06\/220525_Karte_PERL_BildResized-1024x512.jpg\" alt=\"\" class=\"wp-image-1583 size-full\" srcset=\"http:\/\/sehnsuchtsmuseum.de\/schau\/wp-content\/uploads\/2022\/06\/220525_Karte_PERL_BildResized-1024x512.jpg 1024w, http:\/\/sehnsuchtsmuseum.de\/schau\/wp-content\/uploads\/2022\/06\/220525_Karte_PERL_BildResized-300x150.jpg 300w, http:\/\/sehnsuchtsmuseum.de\/schau\/wp-content\/uploads\/2022\/06\/220525_Karte_PERL_BildResized-768x384.jpg 768w, http:\/\/sehnsuchtsmuseum.de\/schau\/wp-content\/uploads\/2022\/06\/220525_Karte_PERL_BildResized-1536x768.jpg 1536w, http:\/\/sehnsuchtsmuseum.de\/schau\/wp-content\/uploads\/2022\/06\/220525_Karte_PERL_BildResized.jpg 2000w\" sizes=\"auto, (max-width: 1024px) 100vw, 1024px\" \/><\/figure><div class=\"wp-block-media-text__content\">\n<p class=\"wp-block-paragraph\"><strong>INSKOPIA<\/strong><br>Einzelausstellung von Inka Perl<br><br>Kunstraum NEU DELI<br>Leipzig<br><br>11. Juni bis 16. Juli 2022<br><br><a href=\"https:\/\/neudeli-leipzig.com\/portfolio-posts\/inka-perl-inskopia\/\" target=\"_blank\" rel=\"noreferrer noopener\"><em>neudeli-leipzig.com<\/em><\/a><\/p>\n<\/div><\/div>\n\n\n\n<div style=\"height:9px\" aria-hidden=\"true\" class=\"wp-block-spacer\"><\/div>\n\n\n\n<hr class=\"wp-block-separator has-css-opacity\"\/>\n\n\n\n<div class=\"wp-block-columns is-layout-flex wp-container-core-columns-is-layout-8f761849 wp-block-columns-is-layout-flex\">\n<div class=\"wp-block-column is-vertically-aligned-top is-layout-flow wp-block-column-is-layout-flow\">\n<figure class=\"wp-block-image size-large\"><img loading=\"lazy\" decoding=\"async\" width=\"1024\" height=\"983\" src=\"http:\/\/sehnsuchtsmuseum.de\/schau\/wp-content\/uploads\/2021\/05\/FlieMe_WerkSchau-1024x983.jpg\" alt=\"Leipziger Fliesen-Memory\" class=\"wp-image-1445\" srcset=\"http:\/\/sehnsuchtsmuseum.de\/schau\/wp-content\/uploads\/2021\/05\/FlieMe_WerkSchau-1024x983.jpg 1024w, http:\/\/sehnsuchtsmuseum.de\/schau\/wp-content\/uploads\/2021\/05\/FlieMe_WerkSchau-300x288.jpg 300w, http:\/\/sehnsuchtsmuseum.de\/schau\/wp-content\/uploads\/2021\/05\/FlieMe_WerkSchau-768x737.jpg 768w, http:\/\/sehnsuchtsmuseum.de\/schau\/wp-content\/uploads\/2021\/05\/FlieMe_WerkSchau.jpg 1341w\" sizes=\"auto, (max-width: 1024px) 100vw, 1024px\" \/><figcaption class=\"wp-element-caption\">Leipziger Fliesen-Memo<\/figcaption><\/figure>\n<\/div>\n\n\n\n<div class=\"wp-block-column is-layout-flow wp-block-column-is-layout-flow\">\n<p class=\"wp-block-paragraph\"><strong>WerkSchau Sachsen<\/strong><br><br>Pr\u00e4sentation des <br>Leipziger Fliesen-Memo<br>auf der WerkSchau in Chemnitz<br><br>Br\u00fcckenstra\u00dfe 10, 09111 Chemnitz<br><br>26. M\u00e4rz bis 2. Mai 2021<br><br><a href=\"https:\/\/werkschau-sachsen.de\/ausstellerinnen\/\" target=\"_blank\" rel=\"noreferrer noopener\"><em>werkschau-sachsen.de<\/em><\/a><\/p>\n<\/div>\n<\/div>\n\n\n\n<hr class=\"wp-block-separator has-css-opacity\"\/>\n\n\n\n<div class=\"wp-block-columns is-layout-flex wp-container-core-columns-is-layout-8f761849 wp-block-columns-is-layout-flex\">\n<div class=\"wp-block-column is-layout-flow wp-block-column-is-layout-flow\">\n<figure class=\"wp-block-image size-large\"><img loading=\"lazy\" decoding=\"async\" width=\"1024\" height=\"738\" src=\"http:\/\/sehnsuchtsmuseum.de\/schau\/wp-content\/uploads\/2019\/05\/Inka-Perl_Museumsshop_A6_RGB-Kopie-1024x738.jpg\" alt=\"\" class=\"wp-image-619\" srcset=\"http:\/\/sehnsuchtsmuseum.de\/schau\/wp-content\/uploads\/2019\/05\/Inka-Perl_Museumsshop_A6_RGB-Kopie-1024x738.jpg 1024w, http:\/\/sehnsuchtsmuseum.de\/schau\/wp-content\/uploads\/2019\/05\/Inka-Perl_Museumsshop_A6_RGB-Kopie-300x216.jpg 300w, http:\/\/sehnsuchtsmuseum.de\/schau\/wp-content\/uploads\/2019\/05\/Inka-Perl_Museumsshop_A6_RGB-Kopie-768x553.jpg 768w, http:\/\/sehnsuchtsmuseum.de\/schau\/wp-content\/uploads\/2019\/05\/Inka-Perl_Museumsshop_A6_RGB-Kopie.jpg 1500w\" sizes=\"auto, (max-width: 1024px) 100vw, 1024px\" \/><figcaption class=\"wp-element-caption\">Sehnsuchtsmuseum [Schaulager]<\/figcaption><\/figure>\n<\/div>\n\n\n\n<div class=\"wp-block-column is-layout-flow wp-block-column-is-layout-flow\">\n<p class=\"wp-block-paragraph\"><strong>Museumsshop<\/strong><br>im <a href=\"https:\/\/www.herrfleischer.de\/museumsshop-von-inka-perl\/\" target=\"_blank\" rel=\"noreferrer noopener\">hr.fleischer \u2013 Kiosk am Reileck <\/a><br><a href=\"https:\/\/www.herrfleischer.de\/museumsshop-von-inka-perl\/\" target=\"_blank\" rel=\"noreferrer noopener\">Halle<\/a>\/Saale<br><br>Ausstellung von Werken aus Inka Perls Sehnsuchtsmuseum &amp; Andenken<br><br>26. Juni bis 31. Juli 2019 <br><br><em><a href=\"https:\/\/www.herrfleischer.de\/museumsshop-von-inka-perl\/\" data-type=\"link\" data-id=\"https:\/\/www.herrfleischer.de\/museumsshop-von-inka-perl\/\" target=\"_blank\" rel=\"noreferrer noopener\">herrfleischer.de<\/a><\/em><\/p>\n<\/div>\n<\/div>\n\n\n\n<hr class=\"wp-block-separator has-css-opacity\"\/>\n\n\n\n<div class=\"wp-block-columns is-layout-flex wp-container-core-columns-is-layout-8f761849 wp-block-columns-is-layout-flex\">\n<div class=\"wp-block-column is-layout-flow wp-block-column-is-layout-flow\">\n<figure class=\"wp-block-image size-large\"><img loading=\"lazy\" decoding=\"async\" width=\"1024\" height=\"680\" src=\"http:\/\/sehnsuchtsmuseum.de\/schau\/wp-content\/uploads\/2019\/06\/Las-Vegas-1024x680.jpg\" alt=\"\" class=\"wp-image-880\"\/><\/figure>\n<\/div>\n\n\n\n<div class=\"wp-block-column is-layout-flow wp-block-column-is-layout-flow\">\n<p class=\"wp-block-paragraph\"><strong>Sammlung PERL \u2013 Sonderausstellung des Sehnsuchtsmuseums<\/strong><br><br>Kulturny Dom Lipsk \/ Salon Similde<br>Leipzig-Connewitz<\/p>\n\n\n\n<p class=\"wp-block-paragraph\">27. Juni + 4. Juli 2019<\/p>\n<\/div>\n<\/div>\n\n\n\n<hr class=\"wp-block-separator has-css-opacity\"\/>\n\n\n\n<div class=\"wp-block-columns is-layout-flex wp-container-core-columns-is-layout-8f761849 wp-block-columns-is-layout-flex\">\n<div class=\"wp-block-column is-layout-flow wp-block-column-is-layout-flow\">\n<figure class=\"wp-block-image size-large\"><img loading=\"lazy\" decoding=\"async\" width=\"1024\" height=\"683\" src=\"http:\/\/sehnsuchtsmuseum.de\/schau\/wp-content\/uploads\/2023\/08\/1200-Poetische-Orte_2018_Installation_IMG5998-1024x683.jpg\" alt=\"\" class=\"wp-image-1660\" srcset=\"http:\/\/sehnsuchtsmuseum.de\/schau\/wp-content\/uploads\/2023\/08\/1200-Poetische-Orte_2018_Installation_IMG5998-1024x683.jpg 1024w, http:\/\/sehnsuchtsmuseum.de\/schau\/wp-content\/uploads\/2023\/08\/1200-Poetische-Orte_2018_Installation_IMG5998-300x200.jpg 300w, http:\/\/sehnsuchtsmuseum.de\/schau\/wp-content\/uploads\/2023\/08\/1200-Poetische-Orte_2018_Installation_IMG5998-768x512.jpg 768w, http:\/\/sehnsuchtsmuseum.de\/schau\/wp-content\/uploads\/2023\/08\/1200-Poetische-Orte_2018_Installation_IMG5998.jpg 1200w\" sizes=\"auto, (max-width: 1024px) 100vw, 1024px\" \/><\/figure>\n<\/div>\n\n\n\n<div class=\"wp-block-column is-layout-flow wp-block-column-is-layout-flow\">\n<p class=\"wp-block-paragraph\"><strong>Poetische Orte \u2013 K\u00fcnstler, ihre Museen und Institutionen<\/strong><br><br>L\u00fcgenmuseum Radebeul<br><br>14. Oktober 2017 \u2013 1. April 2018<\/p>\n<\/div>\n<\/div>\n\n\n\n<hr class=\"wp-block-separator has-css-opacity\"\/>\n\n\n\n<div class=\"wp-block-columns is-layout-flex wp-container-core-columns-is-layout-8f761849 wp-block-columns-is-layout-flex\">\n<div class=\"wp-block-column is-layout-flow wp-block-column-is-layout-flow\">\n<figure class=\"wp-block-image size-large\"><img loading=\"lazy\" decoding=\"async\" width=\"727\" height=\"1024\" src=\"http:\/\/sehnsuchtsmuseum.de\/schau\/wp-content\/uploads\/2017\/06\/Plakat_BBKL_web-727x1024.jpg\" alt=\"Plakat BBKL\" class=\"wp-image-164\" srcset=\"http:\/\/sehnsuchtsmuseum.de\/schau\/wp-content\/uploads\/2017\/06\/Plakat_BBKL_web-727x1024.jpg 727w, http:\/\/sehnsuchtsmuseum.de\/schau\/wp-content\/uploads\/2017\/06\/Plakat_BBKL_web-213x300.jpg 213w, http:\/\/sehnsuchtsmuseum.de\/schau\/wp-content\/uploads\/2017\/06\/Plakat_BBKL_web-768x1082.jpg 768w, http:\/\/sehnsuchtsmuseum.de\/schau\/wp-content\/uploads\/2017\/06\/Plakat_BBKL_web.jpg 1300w\" sizes=\"auto, (max-width: 727px) 100vw, 727px\" \/><\/figure>\n<\/div>\n\n\n\n<div class=\"wp-block-column is-layout-flow wp-block-column-is-layout-flow\">\n<p class=\"wp-block-paragraph\"><strong>Sehnsucht nach dem Museum<\/strong><br><br>Galerie Projektort 4D <br>des BBK LEIPZIG<br>im Tapetenwerk Leipzig<br><br>11. August \u2013 23. September 2017<\/p>\n<\/div>\n<\/div>\n\n\n\n<hr class=\"wp-block-separator has-css-opacity\"\/>\n\n\n\n<div class=\"wp-block-columns is-layout-flex wp-container-core-columns-is-layout-8f761849 wp-block-columns-is-layout-flex\">\n<div class=\"wp-block-column is-layout-flow wp-block-column-is-layout-flow\">\n<figure class=\"wp-block-image size-large\"><img loading=\"lazy\" decoding=\"async\" width=\"1024\" height=\"682\" src=\"http:\/\/sehnsuchtsmuseum.de\/schau\/wp-content\/uploads\/2017\/05\/Flyermotiv-Kopie-1024x682.jpg\" alt=\"\" class=\"wp-image-286\"\/><\/figure>\n<\/div>\n\n\n\n<div class=\"wp-block-column is-layout-flow wp-block-column-is-layout-flow\">\n<p class=\"wp-block-paragraph\"><strong>Sehnsuchtsmuseum \u2013 Interim I<\/strong><br><br>Textilmarkt Aichinger<br>Leipzig-Connewitz<br><br>2. Dezember 2016 \u2013 13. Januar 2017<\/p>\n<\/div>\n<\/div>\n","protected":false},"excerpt":{"rendered":"<p>Seltsamer OrtWerke von Heidi Baudrich &amp; Inka Perlvon 2023 bis 2025 in derAlten BaumwollspinnereiHalle 20, 1. OG, Leipzig-West XXI. Offene Ateliers Leipzigam 24. September 2023 Pr\u00e4sentation des Sehnsuchtsmuseumsvon Inka Perlam Ort der Entstehung in Leipzig-Connewitz \u2028 Seltsamer Ort: PerlenbildungHeidi Baudrich &amp; Inka Perl Alte BaumwollspinnereiHalle &hellip; <a href=\"http:\/\/sehnsuchtsmuseum.de\/schau\/termine\/rueckblick\/\" class=\"more-link\"><span>Continue reading<span class=\"screen-reader-text\">R\u00fcckblick<\/span><\/span><\/a><\/p>\n","protected":false},"author":1,"featured_media":0,"parent":553,"menu_order":1,"comment_status":"closed","ping_status":"closed","template":"","meta":{"_crdt_document":"","ngg_post_thumbnail":0,"footnotes":""},"class_list":["post-138","page","type-page","status-publish","hentry"],"_links":{"self":[{"href":"http:\/\/sehnsuchtsmuseum.de\/schau\/wp-json\/wp\/v2\/pages\/138","targetHints":{"allow":["GET"]}}],"collection":[{"href":"http:\/\/sehnsuchtsmuseum.de\/schau\/wp-json\/wp\/v2\/pages"}],"about":[{"href":"http:\/\/sehnsuchtsmuseum.de\/schau\/wp-json\/wp\/v2\/types\/page"}],"author":[{"embeddable":true,"href":"http:\/\/sehnsuchtsmuseum.de\/schau\/wp-json\/wp\/v2\/users\/1"}],"replies":[{"embeddable":true,"href":"http:\/\/sehnsuchtsmuseum.de\/schau\/wp-json\/wp\/v2\/comments?post=138"}],"version-history":[{"count":148,"href":"http:\/\/sehnsuchtsmuseum.de\/schau\/wp-json\/wp\/v2\/pages\/138\/revisions"}],"predecessor-version":[{"id":1733,"href":"http:\/\/sehnsuchtsmuseum.de\/schau\/wp-json\/wp\/v2\/pages\/138\/revisions\/1733"}],"up":[{"embeddable":true,"href":"http:\/\/sehnsuchtsmuseum.de\/schau\/wp-json\/wp\/v2\/pages\/553"}],"wp:attachment":[{"href":"http:\/\/sehnsuchtsmuseum.de\/schau\/wp-json\/wp\/v2\/media?parent=138"}],"curies":[{"name":"wp","href":"https:\/\/api.w.org\/{rel}","templated":true}]}}